{"id":738,"date":"2025-04-14T17:22:27","date_gmt":"2025-04-14T13:52:27","guid":{"rendered":"https:\/\/azco.parazitt.ir\/korporativ-v%c9%99-sosial-m%c9%99suliyy%c9%99t\/"},"modified":"2025-06-06T15:11:17","modified_gmt":"2025-06-06T11:41:17","slug":"korporativ-v%c9%99-sosial-cavabdehlik","status":"publish","type":"page","link":"https:\/\/azco.az\/az\/korporativ-v%c9%99-sosial-cavabdehlik\/","title":{"rendered":"Korporativ v\u0259 Sosial Cavabdehlik"},"content":{"rendered":"\r\n<p style=\"font-weight: 300;\">Korporativ v\u0259 Sosial cavabdehlik AZCO-da \u0259n y\u00fcks\u0259k \u00fcst\u00fcnl\u00fck kimi ba\u015fa d\u00fc\u015f\u00fcl\u00fcr. M\u00fc\u015ft\u0259ril\u0259r, \u0259m\u0259kda\u015flar, yerli ictimaiyy\u0259tl\u0259r v\u0259 \u0259traf m\u00fchit \u00fczr\u0259 olan \u00f6hd\u0259lik AZCO \u00fc\u00e7\u00fcn birinci yerd\u0259dir.Bu s\u0259b\u0259bd\u0259n, AZCO etibarl\u0131 v\u0259 cavabdeh \u015firk\u0259t v\u0259 i\u015f\u0259g\u00f6t\u00fcr\u0259n olmaq \u00fc\u00e7\u00fcn b\u0259zi x\u00fcsusi prinsipl\u0259ri q\u0259bul etmi\u015fdir.\u00a0Bu prinsipl\u0259r\u0259 \u0259sas\u0259n, AZCO \u00f6z \u0259m\u0259kda\u015flar\u0131n\u0131n sa\u011flaml\u0131q v\u0259 t\u0259hl\u00fck\u0259sizliyinin qay\u011f\u0131s\u0131na qal\u0131r, \u0259traf m\u00fchiti qoruyur, etik qaydada i\u015f apar\u0131r, yerli iqtisadiyyat\u0131n inki\u015faf\u0131na \u015f\u0259rait imkan yarad\u0131r v\u0259 insanlar\u0131n sosial\u00a0rifah\u0131n\u0131n yax\u015f\u0131la\u015fmas\u0131na yard\u0131m edir.<\/p>\r\n<h2 style=\"font-weight: 300;\"><span style=\"color: #ff6600;\"><b><strong>Yerli \u0130ctimaiyy\u0259tl\u0259rl\u0259 v\u0259 C\u0259miyy\u0259tl\u0259 \u018fm\u0259kda\u015fl\u0131q<\/strong><\/b><\/span><\/h2>\r\n\r\n\r\n\r\n<figure class=\"wp-block-image size-full\"><img fetchpriority=\"high\" decoding=\"async\" width=\"940\" height=\"350\" class=\"wp-image-612\" src=\"https:\/\/azco.az\/wp-content\/uploads\/2025\/04\/Partnering-with-the-Communities-and-the-Society.jpg\" alt=\"\" srcset=\"https:\/\/azco.az\/wp-content\/uploads\/2025\/04\/Partnering-with-the-Communities-and-the-Society.jpg 940w, https:\/\/azco.az\/wp-content\/uploads\/2025\/04\/Partnering-with-the-Communities-and-the-Society-300x112.jpg 300w, https:\/\/azco.az\/wp-content\/uploads\/2025\/04\/Partnering-with-the-Communities-and-the-Society-768x286.jpg 768w\" sizes=\"(max-width: 940px) 100vw, 940px\" \/><\/figure>\r\n\r\n\r\n\r\n<p>AZCO yaln\u0131z korporasiya kimi cavabdehlik da\u015f\u0131m\u0131r, h\u0259m\u00e7inin c\u0259miyy\u0259tl\u0259rin \u00fczv\u00fc kimi \u00f6z biznesini apar\u0131r. Bu s\u0259b\u0259bd\u0259n, AZCO\u00a0d\u0259y\u0259rl\u0259rin qar\u015f\u0131l\u0131ql\u0131 m\u00fcbadil\u0259si v\u0259 xeyriyy\u0259\u00a0proqramlar\u0131 kimi sosial cavabdehlik f\u0259aliyy\u0259tl\u0259rin\u0259 b\u00f6y\u00fck \u0259h\u0259miyy\u0259t verir. Yerli ictimaiyy\u0259tl\u0259r h\u0259m\u00e7inin AZCO- nun xeyriyy\u0259, sponsorluq v\u0259 ian\u0259 proqramlar\u0131 vasit\u0259sil\u0259 yard\u0131m\u0131n\u0131 q\u0259bul edirl\u0259r. AZCO hesab edir ki, onun g\u00f6rd\u00fcy\u00fc i\u015fl\u0259r yaln\u0131z\u00a0dig\u0259rl\u0259rin\u0259 k\u00f6m\u0259k etdikd\u0259 v\u0259 dig\u0259rl\u0259ri il\u0259 b\u00f6l\u00fc\u015fd\u00fckd\u0259 tam d\u0259y\u0259r\u0259 malik olur. M\u00fc\u015ft\u0259ril\u0259rl\u0259, c\u0259miyy\u0259tl\u0259rl\u0259, podrat\u00e7\u0131larla, d\u00f6vl\u0259t qurumlar\u0131 il\u0259 v\u0259 yerli t\u0259\u015fkilatlarla yan-yana \u00e7al\u0131\u015fmaq, AZCO &#8211; ya layih\u0259 g\u0259lirl\u0259ri v\u0259 riskl\u0259ri \u0259traf\u0131nda \u00fcmumi m\u0259qs\u0259dl\u0259ri yerin\u0259 yetirm\u0259y\u0259 k\u00f6m\u0259k edir. Bu h\u0259m\u00e7inin AZCO &#8211; ya ictimaiyy\u0259tin \u0259sas ehtiyaclar\u0131 il\u0259 tan\u0131\u015f olmaq prosesini yax\u015f\u0131la\u015fd\u0131rmaq \u00fc\u00e7\u00fcn \u00f6z\u00fcn\u00fcn sosial s\u0259rmay\u0259l\u0259rini v\u0259 k\u00f6n\u00fcll\u00fcl\u0259rin c\u0259hdl\u0259rini uy\u011funla\u015fd\u0131rma\u011fa imkan verir.<\/p>\r\n<h2><span style=\"color: #ff6600;\"><strong>\u0130dman n\u00f6vl\u0259ri<\/strong><\/span><\/h2>\r\n\r\n\r\n\r\n<figure class=\"wp-block-image size-full\"><img decoding=\"async\" width=\"1000\" height=\"400\" class=\"wp-image-613\" src=\"https:\/\/azco.az\/wp-content\/uploads\/2025\/04\/Sports.jpg\" alt=\"\" srcset=\"https:\/\/azco.az\/wp-content\/uploads\/2025\/04\/Sports.jpg 1000w, https:\/\/azco.az\/wp-content\/uploads\/2025\/04\/Sports-300x120.jpg 300w, https:\/\/azco.az\/wp-content\/uploads\/2025\/04\/Sports-768x307.jpg 768w\" sizes=\"(max-width: 1000px) 100vw, 1000px\" \/><\/figure>\r\n\r\n\r\n\r\n<p>AZCO h\u0259m\u00e7inin f\u0259xrl\u0259 b\u0259zi alpinizm t\u0259\u015fkilatlar\u0131na, alpinistl\u0259r\u0259 h\u0259m\u00e7inin Az\u0259rbaycanda v\u0259 \u0130randa olan \u201cG\u0259ncda\u011f\u00e7\u0131lar\u201d, \u201cAz\u0259rkuhT\u0259briz\u201d kimi idman klublar\u0131na yard\u0131m edir. AZCO &#8211; nun \u00f6z\u00fcn\u00fcn idman sev\u0259rl\u0259rd\u0259n ibar\u0259t hey\u0259ti vard\u0131r ki, onlar \u015firk\u0259tin tez-tez t\u0259\u015fkil etdiyi m\u00fcxt\u0259lif alpinizm, \u00fczg\u00fc\u00e7\u00fcl\u00fck v\u0259 velosiped yar\u0131\u015flar\u0131nda i\u015ftirak edirl\u0259r.\u00a0<\/p>\r\n<h2><span style=\"color: #ff6600;\"><strong>\u018ftraf M\u00fchit<\/strong><\/span><\/h2>\r\n\r\n\r\n\r\n<figure class=\"wp-block-image size-large\"><img decoding=\"async\" width=\"1024\" height=\"512\" class=\"wp-image-614\" src=\"https:\/\/azco.az\/wp-content\/uploads\/2025\/04\/Environment-1024x512.jpg\" alt=\"\" srcset=\"https:\/\/azco.az\/wp-content\/uploads\/2025\/04\/Environment-1024x512.jpg 1024w, https:\/\/azco.az\/wp-content\/uploads\/2025\/04\/Environment-300x150.jpg 300w, https:\/\/azco.az\/wp-content\/uploads\/2025\/04\/Environment-768x384.jpg 768w, https:\/\/azco.az\/wp-content\/uploads\/2025\/04\/Environment.jpg 1200w\" sizes=\"(max-width: 1024px) 100vw, 1024px\" \/><\/figure>\r\n\r\n\r\n\r\n<p>AZCO EPC hesab edir ki, \u0259traf m\u00fchiti qorumaq v\u0259 t\u0259bii s\u0259rv\u0259tl\u0259ri saxlamaq layih\u0259nin h\u0259yata ke\u00e7irildiyi zaman \u00e7ox vacibdir. Bu s\u0259b\u0259bd\u0259n, AZCO material t\u0259l\u0259batlar\u0131n\u0131 azaltmaq, zibilliy\u0259 at\u0131lan tullant\u0131lar, h\u0259m\u00e7inin su v\u0259 enerji istifad\u0259si d\u0259 daxil olmaqla layih\u0259l\u0259ndirm\u0259d\u0259, tikintid\u0259 v\u0259 layih\u0259l\u0259rinin idar\u0259 olunmas\u0131nda \u0259traf m\u00fchit\u0259 ziyan vurmayan dayan\u0131ql\u0131 alternativl\u0259r yarad\u0131r. AZCO-nun f\u0259aliyy\u0259t g\u00f6st\u0259rdiyi bir \u00e7ox \u015f\u0259h\u0259r v\u0259 k\u0259nar ya\u015fay\u0131\u015f m\u0259nt\u0259q\u0259l\u0259rind\u0259, itkinin idar\u0259 edilm\u0259si, tullant\u0131 v\u0259 \u0259traf m\u00fchitin qorunmas\u0131 kimi insan h\u0259yat\u0131n\u0131n sa\u011flaml\u0131\u011f\u0131n\u0131 yax\u015f\u0131la\u015fd\u0131rmaq v\u0259 yerli \u015f\u0259rait \u00fc\u00e7\u00fcn iqtisadi sabitliyi h\u0259yata ke\u00e7irm\u0259k m\u0259qs\u0259dil\u0259 m\u00fcxt\u0259lif maraql\u0131 t\u0259r\u0259fl\u0259rl\u0259 birg\u0259 \u00e7al\u0131\u015f\u0131r<\/p>\r\n","protected":false},"excerpt":{"rendered":"<p>Korporativ v\u0259 Sosial cavabdehlik AZCO-da \u0259n y\u00fcks\u0259k \u00fcst\u00fcnl\u00fck kimi ba\u015fa d\u00fc\u015f\u00fcl\u00fcr. M\u00fc\u015ft\u0259ril\u0259r, \u0259m\u0259kda\u015flar, yerli ictimaiyy\u0259tl\u0259r v\u0259 \u0259traf m\u00fchit \u00fczr\u0259 olan \u00f6hd\u0259lik AZCO \u00fc\u00e7\u00fcn birinci yerd\u0259dir.Bu s\u0259b\u0259bd\u0259n, AZCO etibarl\u0131 v\u0259 cavabdeh \u015firk\u0259t v\u0259 i\u015f\u0259g\u00f6t\u00fcr\u0259n olmaq \u00fc\u00e7\u00fcn b\u0259zi x\u00fcsusi prinsipl\u0259ri q\u0259bul etmi\u015fdir.\u00a0Bu prinsipl\u0259r\u0259 \u0259sas\u0259n, AZCO \u00f6z \u0259m\u0259kda\u015flar\u0131n\u0131n sa\u011flaml\u0131q v\u0259 t\u0259hl\u00fck\u0259sizliyinin qay\u011f\u0131s\u0131na qal\u0131r, \u0259traf m\u00fchiti qoruyur, etik qaydada [&hellip;]<\/p>\n","protected":false},"author":1,"featured_media":775,"parent":0,"menu_order":0,"comment_status":"closed","ping_status":"closed","template":"","meta":{"footnotes":""},"class_list":["post-738","page","type-page","status-publish","has-post-thumbnail","hentry"],"_links":{"self":[{"href":"https:\/\/azco.az\/az\/wp-json\/wp\/v2\/pages\/738","targetHints":{"allow":["GET"]}}],"collection":[{"href":"https:\/\/azco.az\/az\/wp-json\/wp\/v2\/pages"}],"about":[{"href":"https:\/\/azco.az\/az\/wp-json\/wp\/v2\/types\/page"}],"author":[{"embeddable":true,"href":"https:\/\/azco.az\/az\/wp-json\/wp\/v2\/users\/1"}],"replies":[{"embeddable":true,"href":"https:\/\/azco.az\/az\/wp-json\/wp\/v2\/comments?post=738"}],"version-history":[{"count":8,"href":"https:\/\/azco.az\/az\/wp-json\/wp\/v2\/pages\/738\/revisions"}],"predecessor-version":[{"id":3544,"href":"https:\/\/azco.az\/az\/wp-json\/wp\/v2\/pages\/738\/revisions\/3544"}],"wp:featuredmedia":[{"embeddable":true,"href":"https:\/\/azco.az\/az\/wp-json\/wp\/v2\/media\/775"}],"wp:attachment":[{"href":"https:\/\/azco.az\/az\/wp-json\/wp\/v2\/media?parent=738"}],"curies":[{"name":"wp","href":"https:\/\/api.w.org\/{rel}","templated":true}]}}